{"id":10814,"date":"2024-02-26T14:59:09","date_gmt":"2024-02-26T14:59:09","guid":{"rendered":"https:\/\/sunfixmobile.ee\/toode\/iphone-7-8-se-2020-se-2022-5d-kaitseklaas-valge\/"},"modified":"2025-11-13T00:00:11","modified_gmt":"2025-11-13T00:00:11","slug":"iphone-7-8-se-2020-se-2022-5d-kaitseklaas-valge","status":"publish","type":"product","link":"https:\/\/sunfixmobile.ee\/ru\/tovar\/iphone-7-8-se-2020-se-2022-5d-kaitseklaas-valge\/","title":{"rendered":"IPhone 7 \/ 8 \/ SE 2020 \/ SE 2022 5D kaitseklaas valge"},"content":{"rendered":"<p>Kvaliteetne karastatud klaas t\u00e4isliimipinnaga. \u00dcli\u00f5huke ja m\u00e4rkamatu tagab 100% ekraani l\u00e4bipaistvuse. K\u00f5rge 9h k\u00f5vadustegur tagab sobiva kaitse.<\/p>\n<p>T\u00e4iuslikult sobitatud k\u00f5rge karastatud karastatud klaas pikendab teie seadme eluiga. T\u00e4nu sellele on ekraan t\u00f5husalt kaitstud kriimustuste eest, tagades samal ajal t\u00f6\u00f6mugavuse.<\/p>\n<p>Klaasil on kogu pind liimiga, nii et see kleepub ideaalselt ekraaniga, j\u00e4tmata \u00f5humulle.<\/p>\n<p>\u00dcli\u00f5huke valem tagab seadme ekraani t\u00e4iusliku l\u00e4bipaistvuse, mis s\u00e4ilitab k\u00f5ik puutetundlikud funktsioonid. Lisaks v\u00e4hendab spetsiaalne kate s\u00f5rmeekraanil peegelduvat efekti.<\/p>\n<p>Spetsifikatsioon:<br \/>Liim: kogu pinnale<br \/>Paksus: 0,3 mm<br \/>Materjal: karastatud klaas<br \/>Kaitsetase: t\u00e4iuslik t\u00e4nu nikerdusprotsessile*<\/p>\n","protected":false},"excerpt":{"rendered":"<p>Kvaliteetne karastatud klaas t\u00e4isliimipinnaga. \u00dcli\u00f5huke ja m\u00e4rkamatu tagab 100% ekraani l\u00e4bipaistvuse. K\u00f5rge 9h k\u00f5vadustegur tagab sobiva kaitse. T\u00e4iuslikult sobitatud k\u00f5rge karastatud karastatud klaas pikendab teie seadme eluiga. T\u00e4nu sellele on ekraan t\u00f5husalt kaitstud kriimustuste eest, tagades samal ajal t\u00f6\u00f6mugavuse. Klaasil on kogu pind liimiga, nii et see kleepub ideaalselt ekraaniga, j\u00e4tmata \u00f5humulle. \u00dcli\u00f5huke valem tagab&#8230;<\/p>\n","protected":false},"featured_media":10810,"template":"","meta":[],"product_brand":[],"product_cat":[1255],"product_tag":[],"class_list":{"0":"post-10814","1":"product","2":"type-product","3":"status-publish","4":"has-post-thumbnail","6":"product_cat-kaitseklaasid","8":"first","9":"instock","10":"taxable","11":"shipping-taxable","12":"purchasable","13":"product-type-simple"},"yoast_head":"<!-- This site is optimized with the Yoast SEO plugin v27.2 - https:\/\/yoast.com\/product\/yoast-seo-wordpress\/ -->\n<title>IPhone 7 \/ 8 \/ SE 2020 \/ SE 2022 5D kaitseklaas valge - CompanySun<\/title>\n<meta name=\"robots\" content=\"index, follow, max-snippet:-1, max-image-preview:large, max-video-preview:-1\" \/>\n<link rel=\"canonical\" href=\"https:\/\/sunfixmobile.ee\/toode\/iphone-7-8-se-2020-se-2022-5d-kaitseklaas-valge\/\" \/>\n<meta property=\"og:locale\" content=\"ru_RU\" \/>\n<meta property=\"og:type\" content=\"article\" \/>\n<meta property=\"og:title\" content=\"IPhone 7 \/ 8 \/ SE 2020 \/ SE 2022 5D kaitseklaas valge - CompanySun\" \/>\n<meta property=\"og:description\" content=\"Kvaliteetne karastatud klaas t\u00e4isliimipinnaga. \u00dcli\u00f5huke ja m\u00e4rkamatu tagab 100% ekraani l\u00e4bipaistvuse. K\u00f5rge 9h k\u00f5vadustegur tagab sobiva kaitse. T\u00e4iuslikult sobitatud k\u00f5rge karastatud karastatud klaas pikendab teie seadme eluiga. T\u00e4nu sellele on ekraan t\u00f5husalt kaitstud kriimustuste eest, tagades samal ajal t\u00f6\u00f6mugavuse. Klaasil on kogu pind liimiga, nii et see kleepub ideaalselt ekraaniga, j\u00e4tmata \u00f5humulle. \u00dcli\u00f5huke valem tagab...\" \/>\n<meta property=\"og:url\" content=\"https:\/\/sunfixmobile.ee\/toode\/iphone-7-8-se-2020-se-2022-5d-kaitseklaas-valge\/\" \/>\n<meta property=\"og:site_name\" content=\"CompanySun\" \/>\n<meta property=\"article:publisher\" content=\"https:\/\/www.facebook.com\/sunfixtallinn\" \/>\n<meta property=\"article:modified_time\" content=\"2025-11-13T00:00:11+00:00\" \/>\n<meta property=\"og:image\" content=\"https:\/\/sunfixmobile.ee\/wp-content\/uploads\/2022\/05\/1.jpg\" \/>\n\t<meta property=\"og:image:width\" content=\"2000\" \/>\n\t<meta property=\"og:image:height\" content=\"1335\" \/>\n\t<meta property=\"og:image:type\" content=\"image\/jpeg\" \/>\n<meta name=\"twitter:card\" content=\"summary_large_image\" \/>\n<meta name=\"twitter:label1\" content=\"\u0426\u0435\u043d\u0430\" \/>\n\t<meta name=\"twitter:data1\" content=\"14,90&nbsp;&euro;\" \/>\n\t<meta name=\"twitter:label2\" content=\"\u0414\u043e\u0441\u0442\u0443\u043f\u043d\u043e\u0441\u0442\u044c\" \/>\n\t<meta name=\"twitter:data2\" content=\"\u0412 \u043d\u0430\u043b\u0438\u0447\u0438\u0438\" \/>\n<script type=\"application\/ld+json\" class=\"yoast-schema-graph\">{\"@context\":\"https:\/\/schema.org\",\"@graph\":[{\"@type\":\"WebPage\",\"@id\":\"https:\/\/sunfixmobile.ee\/toode\/iphone-7-8-se-2020-se-2022-5d-kaitseklaas-valge\/\",\"url\":\"https:\/\/sunfixmobile.ee\/toode\/iphone-7-8-se-2020-se-2022-5d-kaitseklaas-valge\/\",\"name\":\"IPhone 7 \/ 8 \/ SE 2020 \/ SE 2022 5D kaitseklaas valge - CompanySun\",\"isPartOf\":{\"@id\":\"https:\/\/sunfixmobile.ee\/#website\"},\"primaryImageOfPage\":{\"@id\":\"https:\/\/sunfixmobile.ee\/toode\/iphone-7-8-se-2020-se-2022-5d-kaitseklaas-valge\/#primaryimage\"},\"image\":{\"@id\":\"https:\/\/sunfixmobile.ee\/toode\/iphone-7-8-se-2020-se-2022-5d-kaitseklaas-valge\/#primaryimage\"},\"thumbnailUrl\":\"https:\/\/sunfixmobile.ee\/wp-content\/uploads\/2024\/02\/8a879de1728ab5d7836f46ae933a5e7b-6.webp\",\"datePublished\":\"2024-02-26T14:59:09+00:00\",\"dateModified\":\"2025-11-13T00:00:11+00:00\",\"breadcrumb\":{\"@id\":\"https:\/\/sunfixmobile.ee\/toode\/iphone-7-8-se-2020-se-2022-5d-kaitseklaas-valge\/#breadcrumb\"},\"inLanguage\":\"ru-RU\",\"potentialAction\":[{\"@type\":\"ReadAction\",\"target\":[\"https:\/\/sunfixmobile.ee\/toode\/iphone-7-8-se-2020-se-2022-5d-kaitseklaas-valge\/\"]}]},{\"@type\":\"ImageObject\",\"inLanguage\":\"ru-RU\",\"@id\":\"https:\/\/sunfixmobile.ee\/toode\/iphone-7-8-se-2020-se-2022-5d-kaitseklaas-valge\/#primaryimage\",\"url\":\"https:\/\/sunfixmobile.ee\/wp-content\/uploads\/2024\/02\/8a879de1728ab5d7836f46ae933a5e7b-6.webp\",\"contentUrl\":\"https:\/\/sunfixmobile.ee\/wp-content\/uploads\/2024\/02\/8a879de1728ab5d7836f46ae933a5e7b-6.webp\",\"width\":1000,\"height\":1000,\"caption\":\"8a879de1728ab5d7836f46ae933a5e7b-6.\"},{\"@type\":\"BreadcrumbList\",\"@id\":\"https:\/\/sunfixmobile.ee\/toode\/iphone-7-8-se-2020-se-2022-5d-kaitseklaas-valge\/#breadcrumb\",\"itemListElement\":[{\"@type\":\"ListItem\",\"position\":1,\"name\":\"Home\",\"item\":\"https:\/\/sunfixmobile.ee\/ru\/\"},{\"@type\":\"ListItem\",\"position\":2,\"name\":\"\u0412\u0441\u0435 \u0442\u043e\u0432\u0430\u0440\u044b\",\"item\":\"https:\/\/sunfixmobile.ee\/ru\/magazin\/\"},{\"@type\":\"ListItem\",\"position\":3,\"name\":\"IPhone 7 \/ 8 \/ SE 2020 \/ SE 2022 5D kaitseklaas valge\"}]},{\"@type\":\"WebSite\",\"@id\":\"https:\/\/sunfixmobile.ee\/#website\",\"url\":\"https:\/\/sunfixmobile.ee\/\",\"name\":\"CompanySun\",\"description\":\"\",\"publisher\":{\"@id\":\"https:\/\/sunfixmobile.ee\/#organization\"},\"potentialAction\":[{\"@type\":\"SearchAction\",\"target\":{\"@type\":\"EntryPoint\",\"urlTemplate\":\"https:\/\/sunfixmobile.ee\/?s={search_term_string}\"},\"query-input\":{\"@type\":\"PropertyValueSpecification\",\"valueRequired\":true,\"valueName\":\"search_term_string\"}}],\"inLanguage\":\"ru-RU\"},{\"@type\":\"Organization\",\"@id\":\"https:\/\/sunfixmobile.ee\/#organization\",\"name\":\"CompanySun O\u00dc\",\"url\":\"https:\/\/sunfixmobile.ee\/\",\"logo\":{\"@type\":\"ImageObject\",\"inLanguage\":\"ru-RU\",\"@id\":\"https:\/\/sunfixmobile.ee\/#\/schema\/logo\/image\/\",\"url\":\"https:\/\/sunfixmobile.ee\/wp-content\/uploads\/2022\/05\/logo.png\",\"contentUrl\":\"https:\/\/sunfixmobile.ee\/wp-content\/uploads\/2022\/05\/logo.png\",\"width\":257,\"height\":85,\"caption\":\"CompanySun O\u00dc\"},\"image\":{\"@id\":\"https:\/\/sunfixmobile.ee\/#\/schema\/logo\/image\/\"},\"sameAs\":[\"https:\/\/www.facebook.com\/sunfixtallinn\",\"https:\/\/www.instagram.com\/sunfix_eesti\/\"]}]}<\/script>\n<meta property=\"product:price:amount\" content=\"14.90\" \/>\n<meta property=\"product:price:currency\" content=\"EUR\" \/>\n<meta property=\"og:availability\" content=\"instock\" \/>\n<meta property=\"product:availability\" content=\"instock\" \/>\n<meta property=\"product:retailer_item_id\" content=\"5901737861818\" \/>\n<meta property=\"product:condition\" content=\"new\" \/>\n<!-- \/ Yoast SEO plugin. -->","yoast_head_json":{"title":"IPhone 7 \/ 8 \/ SE 2020 \/ SE 2022 5D kaitseklaas valge - CompanySun","robots":{"index":"index","follow":"follow","max-snippet":"max-snippet:-1","max-image-preview":"max-image-preview:large","max-video-preview":"max-video-preview:-1"},"canonical":"https:\/\/sunfixmobile.ee\/toode\/iphone-7-8-se-2020-se-2022-5d-kaitseklaas-valge\/","og_locale":"ru_RU","og_type":"article","og_title":"IPhone 7 \/ 8 \/ SE 2020 \/ SE 2022 5D kaitseklaas valge - CompanySun","og_description":"Kvaliteetne karastatud klaas t\u00e4isliimipinnaga. \u00dcli\u00f5huke ja m\u00e4rkamatu tagab 100% ekraani l\u00e4bipaistvuse. K\u00f5rge 9h k\u00f5vadustegur tagab sobiva kaitse. T\u00e4iuslikult sobitatud k\u00f5rge karastatud karastatud klaas pikendab teie seadme eluiga. T\u00e4nu sellele on ekraan t\u00f5husalt kaitstud kriimustuste eest, tagades samal ajal t\u00f6\u00f6mugavuse. Klaasil on kogu pind liimiga, nii et see kleepub ideaalselt ekraaniga, j\u00e4tmata \u00f5humulle. \u00dcli\u00f5huke valem tagab...","og_url":"https:\/\/sunfixmobile.ee\/toode\/iphone-7-8-se-2020-se-2022-5d-kaitseklaas-valge\/","og_site_name":"CompanySun","article_publisher":"https:\/\/www.facebook.com\/sunfixtallinn","article_modified_time":"2025-11-13T00:00:11+00:00","og_image":[{"width":2000,"height":1335,"url":"https:\/\/sunfixmobile.ee\/wp-content\/uploads\/2022\/05\/1.jpg","type":"image\/jpeg"}],"twitter_card":"summary_large_image","twitter_misc":{"\u0426\u0435\u043d\u0430":"14,90&nbsp;&euro;","\u0414\u043e\u0441\u0442\u0443\u043f\u043d\u043e\u0441\u0442\u044c":"\u0412 \u043d\u0430\u043b\u0438\u0447\u0438\u0438"},"schema":{"@context":"https:\/\/schema.org","@graph":[{"@type":"WebPage","@id":"https:\/\/sunfixmobile.ee\/toode\/iphone-7-8-se-2020-se-2022-5d-kaitseklaas-valge\/","url":"https:\/\/sunfixmobile.ee\/toode\/iphone-7-8-se-2020-se-2022-5d-kaitseklaas-valge\/","name":"IPhone 7 \/ 8 \/ SE 2020 \/ SE 2022 5D kaitseklaas valge - CompanySun","isPartOf":{"@id":"https:\/\/sunfixmobile.ee\/#website"},"primaryImageOfPage":{"@id":"https:\/\/sunfixmobile.ee\/toode\/iphone-7-8-se-2020-se-2022-5d-kaitseklaas-valge\/#primaryimage"},"image":{"@id":"https:\/\/sunfixmobile.ee\/toode\/iphone-7-8-se-2020-se-2022-5d-kaitseklaas-valge\/#primaryimage"},"thumbnailUrl":"https:\/\/sunfixmobile.ee\/wp-content\/uploads\/2024\/02\/8a879de1728ab5d7836f46ae933a5e7b-6.webp","datePublished":"2024-02-26T14:59:09+00:00","dateModified":"2025-11-13T00:00:11+00:00","breadcrumb":{"@id":"https:\/\/sunfixmobile.ee\/toode\/iphone-7-8-se-2020-se-2022-5d-kaitseklaas-valge\/#breadcrumb"},"inLanguage":"ru-RU","potentialAction":[{"@type":"ReadAction","target":["https:\/\/sunfixmobile.ee\/toode\/iphone-7-8-se-2020-se-2022-5d-kaitseklaas-valge\/"]}]},{"@type":"ImageObject","inLanguage":"ru-RU","@id":"https:\/\/sunfixmobile.ee\/toode\/iphone-7-8-se-2020-se-2022-5d-kaitseklaas-valge\/#primaryimage","url":"https:\/\/sunfixmobile.ee\/wp-content\/uploads\/2024\/02\/8a879de1728ab5d7836f46ae933a5e7b-6.webp","contentUrl":"https:\/\/sunfixmobile.ee\/wp-content\/uploads\/2024\/02\/8a879de1728ab5d7836f46ae933a5e7b-6.webp","width":1000,"height":1000,"caption":"8a879de1728ab5d7836f46ae933a5e7b-6."},{"@type":"BreadcrumbList","@id":"https:\/\/sunfixmobile.ee\/toode\/iphone-7-8-se-2020-se-2022-5d-kaitseklaas-valge\/#breadcrumb","itemListElement":[{"@type":"ListItem","position":1,"name":"Home","item":"https:\/\/sunfixmobile.ee\/ru\/"},{"@type":"ListItem","position":2,"name":"\u0412\u0441\u0435 \u0442\u043e\u0432\u0430\u0440\u044b","item":"https:\/\/sunfixmobile.ee\/ru\/magazin\/"},{"@type":"ListItem","position":3,"name":"IPhone 7 \/ 8 \/ SE 2020 \/ SE 2022 5D kaitseklaas valge"}]},{"@type":"WebSite","@id":"https:\/\/sunfixmobile.ee\/#website","url":"https:\/\/sunfixmobile.ee\/","name":"CompanySun","description":"","publisher":{"@id":"https:\/\/sunfixmobile.ee\/#organization"},"potentialAction":[{"@type":"SearchAction","target":{"@type":"EntryPoint","urlTemplate":"https:\/\/sunfixmobile.ee\/?s={search_term_string}"},"query-input":{"@type":"PropertyValueSpecification","valueRequired":true,"valueName":"search_term_string"}}],"inLanguage":"ru-RU"},{"@type":"Organization","@id":"https:\/\/sunfixmobile.ee\/#organization","name":"CompanySun O\u00dc","url":"https:\/\/sunfixmobile.ee\/","logo":{"@type":"ImageObject","inLanguage":"ru-RU","@id":"https:\/\/sunfixmobile.ee\/#\/schema\/logo\/image\/","url":"https:\/\/sunfixmobile.ee\/wp-content\/uploads\/2022\/05\/logo.png","contentUrl":"https:\/\/sunfixmobile.ee\/wp-content\/uploads\/2022\/05\/logo.png","width":257,"height":85,"caption":"CompanySun O\u00dc"},"image":{"@id":"https:\/\/sunfixmobile.ee\/#\/schema\/logo\/image\/"},"sameAs":["https:\/\/www.facebook.com\/sunfixtallinn","https:\/\/www.instagram.com\/sunfix_eesti\/"]}]},"product_price_amount":"14.90","product_price_currency":"EUR","og_availability":"instock","product_availability":"instock","product_retailer_item_id":"5901737861818","product_condition":"new"},"_links":{"self":[{"href":"https:\/\/sunfixmobile.ee\/ru\/wp-json\/wp\/v2\/product\/10814","targetHints":{"allow":["GET"]}}],"collection":[{"href":"https:\/\/sunfixmobile.ee\/ru\/wp-json\/wp\/v2\/product"}],"about":[{"href":"https:\/\/sunfixmobile.ee\/ru\/wp-json\/wp\/v2\/types\/product"}],"wp:featuredmedia":[{"embeddable":true,"href":"https:\/\/sunfixmobile.ee\/ru\/wp-json\/wp\/v2\/media\/10810"}],"wp:attachment":[{"href":"https:\/\/sunfixmobile.ee\/ru\/wp-json\/wp\/v2\/media?parent=10814"}],"wp:term":[{"taxonomy":"product_brand","embeddable":true,"href":"https:\/\/sunfixmobile.ee\/ru\/wp-json\/wp\/v2\/product_brand?post=10814"},{"taxonomy":"product_cat","embeddable":true,"href":"https:\/\/sunfixmobile.ee\/ru\/wp-json\/wp\/v2\/product_cat?post=10814"},{"taxonomy":"product_tag","embeddable":true,"href":"https:\/\/sunfixmobile.ee\/ru\/wp-json\/wp\/v2\/product_tag?post=10814"}],"curies":[{"name":"wp","href":"https:\/\/api.w.org\/{rel}","templated":true}]}}